{"version":"1.0","provider_name":"Magyar Ergon\u00f3miai T\u00e1rsas\u00e1g","provider_url":"https:\/\/met.ergonomiavilaga.hu\/wp","author_name":"Kudasz Ferenc","author_url":"https:\/\/met.ergonomiavilaga.hu\/wp\/author\/secgen\/","title":"\u00dajra anyagmozgat\u00e1si szakmai nap - te\u00e1zzunk Vecs\u00e9sen! - Magyar Ergon\u00f3miai T\u00e1rsas\u00e1g","type":"rich","width":600,"height":338,"html":"<blockquote class=\"wp-embedded-content\" data-secret=\"8H6rgRmJzu\"><a href=\"https:\/\/met.ergonomiavilaga.hu\/wp\/2023\/03\/10\/ujra-anyagmozgatasi-szakmai-nap-vecsesen\/\">\u00dajra anyagmozgat\u00e1si szakmai nap &#8211; te\u00e1zzunk Vecs\u00e9sen!<\/a><\/blockquote><iframe sandbox=\"allow-scripts\" security=\"restricted\" src=\"https:\/\/met.ergonomiavilaga.hu\/wp\/2023\/03\/10\/ujra-anyagmozgatasi-szakmai-nap-vecsesen\/embed\/#?secret=8H6rgRmJzu\" width=\"600\" height=\"338\" title=\"&#8220;\u00dajra anyagmozgat\u00e1si szakmai nap &#8211; te\u00e1zzunk Vecs\u00e9sen!&#8221; &#8212; Magyar Ergon\u00f3miai T\u00e1rsas\u00e1g\" data-secret=\"8H6rgRmJzu\" frameborder=\"0\" marginwidth=\"0\" marginheight=\"0\" scrolling=\"no\" class=\"wp-embedded-content\"><\/iframe><script type=\"text\/javascript\">\n\/* <![CDATA[ *\/\n\/*! This file is auto-generated *\/\n!function(d,l){\"use strict\";l.querySelector&&d.addEventListener&&\"undefined\"!=typeof URL&&(d.wp=d.wp||{},d.wp.receiveEmbedMessage||(d.wp.receiveEmbedMessage=function(e){var t=e.data;if((t||t.secret||t.message||t.value)&&!\/[^a-zA-Z0-9]\/.test(t.secret)){for(var s,r,n,a=l.querySelectorAll('iframe[data-secret=\"'+t.secret+'\"]'),o=l.querySelectorAll('blockquote[data-secret=\"'+t.secret+'\"]'),c=new RegExp(\"^https?:$\",\"i\"),i=0;i<o.length;i++)o[i].style.display=\"none\";for(i=0;i<a.length;i++)s=a[i],e.source===s.contentWindow&&(s.removeAttribute(\"style\"),\"height\"===t.message?(1e3<(r=parseInt(t.value,10))?r=1e3:~~r<200&&(r=200),s.height=r):\"link\"===t.message&&(r=new URL(s.getAttribute(\"src\")),n=new URL(t.value),c.test(n.protocol))&&n.host===r.host&&l.activeElement===s&&(d.top.location.href=t.value))}},d.addEventListener(\"message\",d.wp.receiveEmbedMessage,!1),l.addEventListener(\"DOMContentLoaded\",function(){for(var e,t,s=l.querySelectorAll(\"iframe.wp-embedded-content\"),r=0;r<s.length;r++)(t=(e=s[r]).getAttribute(\"data-secret\"))||(t=Math.random().toString(36).substring(2,12),e.src+=\"#?secret=\"+t,e.setAttribute(\"data-secret\",t)),e.contentWindow.postMessage({message:\"ready\",secret:t},\"*\")},!1)))}(window,document);\n\/\/# sourceURL=https:\/\/met.ergonomiavilaga.hu\/wp\/wp-includes\/js\/wp-embed.min.js\n\/* ]]> *\/\n<\/script>\n","thumbnail_url":"https:\/\/met.ergonomiavilaga.hu\/wp\/wp-content\/uploads\/2023\/02\/Novotransz.jpg","thumbnail_width":1920,"thumbnail_height":878,"description":"\u00c1prilis 13-\u00e1n (cs\u00fct\u00f6rt\u00f6k) 14 \u00f3r\u00e1t\u00f3l \u00fajra szem\u00e9lyesen ismerkedhet\u00fcnk meg az exoskeletonok, illetve az anyagmozgat\u00e1sban hasznos hagyom\u00e1nyos ergon\u00f3miai eszk\u00f6z\u00f6kkel, g\u00e9pekkel. A tov\u00e1bb..."}