{"version":"1.0","provider_name":"Magyar Ergon\u00f3miai T\u00e1rsas\u00e1g","provider_url":"https:\/\/met.ergonomiavilaga.hu\/wp","author_name":"Kudasz Ferenc","author_url":"https:\/\/met.ergonomiavilaga.hu\/wp\/author\/secgen\/","title":"Hat\u00e1sos kombin\u00e1lt beavatkoz\u00e1s der\u00e9kf\u00e1j\u00f3s \u00fcl\u0151munk\u00e1soknak - Magyar Ergon\u00f3miai T\u00e1rsas\u00e1g","type":"rich","width":600,"height":338,"html":"<blockquote class=\"wp-embedded-content\" data-secret=\"7CYcUS8OYP\"><a href=\"https:\/\/met.ergonomiavilaga.hu\/wp\/2018\/07\/04\/strategia-a-derekfajos-ulomunkasoknak\/\">Hat\u00e1sos kombin\u00e1lt beavatkoz\u00e1s der\u00e9kf\u00e1j\u00f3s \u00fcl\u0151munk\u00e1soknak<\/a><\/blockquote><iframe sandbox=\"allow-scripts\" security=\"restricted\" src=\"https:\/\/met.ergonomiavilaga.hu\/wp\/2018\/07\/04\/strategia-a-derekfajos-ulomunkasoknak\/embed\/#?secret=7CYcUS8OYP\" width=\"600\" height=\"338\" title=\"&#8220;Hat\u00e1sos kombin\u00e1lt beavatkoz\u00e1s der\u00e9kf\u00e1j\u00f3s \u00fcl\u0151munk\u00e1soknak&#8221; &#8212; Magyar Ergon\u00f3miai T\u00e1rsas\u00e1g\" data-secret=\"7CYcUS8OYP\" frameborder=\"0\" marginwidth=\"0\" marginheight=\"0\" scrolling=\"no\" class=\"wp-embedded-content\"><\/iframe><script type=\"text\/javascript\">\n\/* <![CDATA[ *\/\n\/*! This file is auto-generated *\/\n!function(d,l){\"use strict\";l.querySelector&&d.addEventListener&&\"undefined\"!=typeof URL&&(d.wp=d.wp||{},d.wp.receiveEmbedMessage||(d.wp.receiveEmbedMessage=function(e){var t=e.data;if((t||t.secret||t.message||t.value)&&!\/[^a-zA-Z0-9]\/.test(t.secret)){for(var s,r,n,a=l.querySelectorAll('iframe[data-secret=\"'+t.secret+'\"]'),o=l.querySelectorAll('blockquote[data-secret=\"'+t.secret+'\"]'),c=new RegExp(\"^https?:$\",\"i\"),i=0;i<o.length;i++)o[i].style.display=\"none\";for(i=0;i<a.length;i++)s=a[i],e.source===s.contentWindow&&(s.removeAttribute(\"style\"),\"height\"===t.message?(1e3<(r=parseInt(t.value,10))?r=1e3:~~r<200&&(r=200),s.height=r):\"link\"===t.message&&(r=new URL(s.getAttribute(\"src\")),n=new URL(t.value),c.test(n.protocol))&&n.host===r.host&&l.activeElement===s&&(d.top.location.href=t.value))}},d.addEventListener(\"message\",d.wp.receiveEmbedMessage,!1),l.addEventListener(\"DOMContentLoaded\",function(){for(var e,t,s=l.querySelectorAll(\"iframe.wp-embedded-content\"),r=0;r<s.length;r++)(t=(e=s[r]).getAttribute(\"data-secret\"))||(t=Math.random().toString(36).substring(2,12),e.src+=\"#?secret=\"+t,e.setAttribute(\"data-secret\",t)),e.contentWindow.postMessage({message:\"ready\",secret:t},\"*\")},!1)))}(window,document);\n\/\/# sourceURL=https:\/\/met.ergonomiavilaga.hu\/wp\/wp-includes\/js\/wp-embed.min.js\n\/* ]]> *\/\n<\/script>\n","description":"Id\u00fclt der\u00e9kpanaszokt\u00f3l szenved\u0151, \u00fcl\u0151munk\u00e1t v\u00e9gz\u0151 (d\u00f6nt\u0151en egyetemi) dolgoz\u00f3kat\u00a0 (n=27) v\u00e9letlenszer\u0171en osztottak beavatkoz\u00e1si \u00e9s kontroll csoportra. A beavatkoz\u00e1si csoportba ker\u00fcl\u0151knek el\u0151sz\u00f6r tov\u00e1bb..."}